{"version":"1.0","provider_name":"La Maison des Artistes","provider_url":"https:\/\/lesjourneesnationalesdesartistes.fr\/site","author_name":"Nicolas Gulian","author_url":"https:\/\/lesjourneesnationalesdesartistes.fr\/site\/author\/ngulian\/","title":"Structures : participez aux Journ\u00e9es Nationales des Artistes ! - La Maison des Artistes","type":"rich","width":600,"height":338,"html":"<blockquote class=\"wp-embedded-content\" data-secret=\"aNhy01rc2Q\"><a href=\"https:\/\/lesjourneesnationalesdesartistes.fr\/site\/jna-structure\/\">Structures : participez aux Journ\u00e9es Nationales des Artistes !<\/a><\/blockquote><iframe sandbox=\"allow-scripts\" security=\"restricted\" src=\"https:\/\/lesjourneesnationalesdesartistes.fr\/site\/jna-structure\/embed\/#?secret=aNhy01rc2Q\" width=\"600\" height=\"338\" title=\"\u00ab\u00a0Structures : participez aux Journ\u00e9es Nationales des Artistes !\u00a0\u00bb &#8212; La Maison des Artistes\" data-secret=\"aNhy01rc2Q\" frameborder=\"0\" marginwidth=\"0\" marginheight=\"0\" scrolling=\"no\" class=\"wp-embedded-content\"><\/iframe><script type=\"text\/javascript\">\n\/* <![CDATA[ *\/\n\/*! This file is auto-generated *\/\n!function(d,l){\"use strict\";l.querySelector&&d.addEventListener&&\"undefined\"!=typeof URL&&(d.wp=d.wp||{},d.wp.receiveEmbedMessage||(d.wp.receiveEmbedMessage=function(e){var t=e.data;if((t||t.secret||t.message||t.value)&&!\/[^a-zA-Z0-9]\/.test(t.secret)){for(var s,r,n,a=l.querySelectorAll('iframe[data-secret=\"'+t.secret+'\"]'),o=l.querySelectorAll('blockquote[data-secret=\"'+t.secret+'\"]'),c=new RegExp(\"^https?:$\",\"i\"),i=0;i<o.length;i++)o[i].style.display=\"none\";for(i=0;i<a.length;i++)s=a[i],e.source===s.contentWindow&&(s.removeAttribute(\"style\"),\"height\"===t.message?(1e3<(r=parseInt(t.value,10))?r=1e3:~~r<200&&(r=200),s.height=r):\"link\"===t.message&&(r=new URL(s.getAttribute(\"src\")),n=new URL(t.value),c.test(n.protocol))&&n.host===r.host&&l.activeElement===s&&(d.top.location.href=t.value))}},d.addEventListener(\"message\",d.wp.receiveEmbedMessage,!1),l.addEventListener(\"DOMContentLoaded\",function(){for(var e,t,s=l.querySelectorAll(\"iframe.wp-embedded-content\"),r=0;r<s.length;r++)(t=(e=s[r]).getAttribute(\"data-secret\"))||(t=Math.random().toString(36).substring(2,12),e.src+=\"#?secret=\"+t,e.setAttribute(\"data-secret\",t)),e.contentWindow.postMessage({message:\"ready\",secret:t},\"*\")},!1)))}(window,document);\n\/\/# sourceURL=https:\/\/lesjourneesnationalesdesartistes.fr\/site\/wp-includes\/js\/wp-embed.min.js\n\/* ]]> *\/\n<\/script>\n","description":"Vous \u00eates une structure Initi\u00e9es et port\u00e9es par La Maison des Artistes, les Journ\u00e9es Nationales des Artistes se d\u00e9roulent sous le parrainage du minist\u00e8re de la Culture, en partenariat avec l\u2019Association des Maires de France et des pr\u00e9sidents d\u2019intercommunalit\u00e9 (AMF). \u00a0Participer aux JNA, c\u2019est inscrire sa structure dans son territoire avec une visibilit\u00e9 nationale, s\u2019adresser... Voir l'article","thumbnail_url":"https:\/\/www.lamaisondesartistes.fr\/site\/wp-content\/uploads\/2026\/02\/Capture-decran-2026-02-02-154424.png"}